{"id":1608,"date":"2024-11-27T20:55:58","date_gmt":"2024-11-27T19:55:58","guid":{"rendered":"https:\/\/my.kustom.ch\/raiffeisen\/?post_type=product&#038;p=1608"},"modified":"2024-12-02T08:38:42","modified_gmt":"2024-12-02T07:38:42","slug":"hakro-activejacke-fernie-women","status":"publish","type":"product","link":"https:\/\/my.kustom.ch\/raiffeisen\/produkt\/hakro-activejacke-fernie-women\/","title":{"rendered":"HAKRO Activejacke Fernie Women"},"content":{"rendered":"<p>Atmungsaktive, wasser- und winddichte Aktivejacke f\u00fcr Damen mit getapten N\u00e4hten, abnehmbarer und regulierbarer Kapuze mit Schild, verl\u00e4ngertem, abgerundetem R\u00fcckenteil, hochwertigem Zwei-Wege-Frontrei\u00dfverschluss mit Windschutzpatte und Rei\u00dfverschlussgarage, wasserdichten Rei\u00dfverschl\u00fcssen an den Taschen und Rei\u00dfverschluss\u00e4rmeltasche. Alle Rei\u00dfverschl\u00fcsse von YKK\u00ae. Weitenverstellbarer Saumabschluss mit Tunnelkordelzug und Stoppern, weitenverstellbare \u00c4rmelb\u00fcndchen mit Klettband zum stufenlosen Regulieren. Hergestellt aus strapazierf\u00e4higem wasser- und winddichtem Obermaterial aus 2,5-Lagen-Laminat mit TRIACTIVE PRO Technologie f\u00fcr maximale und zuverl\u00e4ssige Wasserdichtigkeit. Gewebtes HAKRO Necklabel aus hochwertigem Kettsatin mit weichen, ultraschallgeschnittenen Bandkanten f\u00fcr h\u00f6chsten Tragekomfort und gewebtes HAKRO Flaglabel an der linken Seitennaht.<br \/>\nMaterial: TRIACTIVE PRO, 2,5 Lagen-Laminat aus feinem Twill-Gewebe aus 100 % Polyester, 180 g\/m\u00b2<\/p>\n","protected":false},"excerpt":{"rendered":"<p>Farbe: schwarz<\/p>\n","protected":false},"featured_media":1412,"template":"","meta":[],"product_brand":[],"product_cat":[15],"product_tag":[],"class_list":{"0":"post-1608","1":"product","2":"type-product","3":"status-publish","4":"has-post-thumbnail","6":"product_cat-unkategorisiert","8":"first","9":"instock","10":"taxable","11":"shipping-taxable","12":"purchasable","13":"product-type-variable"},"_links":{"self":[{"href":"https:\/\/my.kustom.ch\/raiffeisen\/wp-json\/wp\/v2\/product\/1608","targetHints":{"allow":["GET"]}}],"collection":[{"href":"https:\/\/my.kustom.ch\/raiffeisen\/wp-json\/wp\/v2\/product"}],"about":[{"href":"https:\/\/my.kustom.ch\/raiffeisen\/wp-json\/wp\/v2\/types\/product"}],"wp:featuredmedia":[{"embeddable":true,"href":"https:\/\/my.kustom.ch\/raiffeisen\/wp-json\/wp\/v2\/media\/1412"}],"wp:attachment":[{"href":"https:\/\/my.kustom.ch\/raiffeisen\/wp-json\/wp\/v2\/media?parent=1608"}],"wp:term":[{"taxonomy":"product_brand","embeddable":true,"href":"https:\/\/my.kustom.ch\/raiffeisen\/wp-json\/wp\/v2\/product_brand?post=1608"},{"taxonomy":"product_cat","embeddable":true,"href":"https:\/\/my.kustom.ch\/raiffeisen\/wp-json\/wp\/v2\/product_cat?post=1608"},{"taxonomy":"product_tag","embeddable":true,"href":"https:\/\/my.kustom.ch\/raiffeisen\/wp-json\/wp\/v2\/product_tag?post=1608"}],"curies":[{"name":"wp","href":"https:\/\/api.w.org\/{rel}","templated":true}]}}